{"id":2125,"date":"2016-06-03T12:21:58","date_gmt":"2016-06-03T10:21:58","guid":{"rendered":"http:\/\/6l94bzuhd.preview.infomaniak.website\/de\/traiteurs\/"},"modified":"2026-03-23T13:38:20","modified_gmt":"2026-03-23T12:38:20","slug":"catering","status":"publish","type":"page","link":"https:\/\/portesdesiris.ch\/de\/catering\/","title":{"rendered":"Catering"},"content":{"rendered":"<div class=\"wpb-content-wrapper\">\n<style type=\"text\/css\">\n\t#feslider-2125 {\n\t\tmargin-bottom: 10px;\n\t}\n<\/style>\n\n<div id=\"feslider-2125\" class=\"feslider harislab-feslider slider-pro\">\n\t<div class=\"sp-slides\">\n\n\t\n\t\t<div class=\"sp-slide\">\n\t\t\t<img decoding=\"async\" class=\"sp-image\" src=\"\" data-src=\"https:\/\/portesdesiris.ch\/wp-content\/uploads\/2020\/02\/portes-des-iris-traiteur2.jpg\">\n\n\t\t\t\t\t<\/div>\n\n\t\n\t\t<div class=\"sp-slide\">\n\t\t\t<img decoding=\"async\" class=\"sp-image\" src=\"\" data-src=\"https:\/\/portesdesiris.ch\/wp-content\/uploads\/2020\/02\/portes-des-iris-traiteurs.jpg\">\n\n\t\t\t\t\t<\/div>\n\n\t\n\t\t<div class=\"sp-slide\">\n\t\t\t<img decoding=\"async\" class=\"sp-image\" src=\"\" data-src=\"https:\/\/portesdesiris.ch\/wp-content\/uploads\/2020\/02\/portes-des-iris-caters.jpg\">\n\n\t\t\t\t\t<\/div>\n\n\t\n\t\t<div class=\"sp-slide\">\n\t\t\t<img decoding=\"async\" class=\"sp-image\" src=\"\" data-src=\"https:\/\/portesdesiris.ch\/wp-content\/uploads\/2020\/02\/portes-des-iris-traiteur.jpg\">\n\n\t\t\t\t\t<\/div>\n\n\t\n\t\t<div class=\"sp-slide\">\n\t\t\t<img decoding=\"async\" class=\"sp-image\" src=\"\" data-src=\"https:\/\/portesdesiris.ch\/wp-content\/uploads\/2020\/02\/portes-des-iris-cater.jpg\">\n\n\t\t\t\t\t<\/div>\n\n\t\n\t<\/div>\n<\/div>\n\n<p>[vc_row][vc_column][vc_column_text css=&#8220;&#8220;]F\u00fcr Ihre Cocktail- und Galaabende arbeitet Portes des Iris mit 4 sorgf\u00e4ltig auserw\u00e4hlten Caterern zusammen, die zu den besten der Westschweiz geh\u00f6ren. Diese Caterer wurden aufgrund ihres Rufs, der exzellenten Qualit\u00e4t und Pr\u00e4sentation der Gerichte, sowie ihrer genauen Kenntnisse unserer K\u00fcchen und Infrastruktur, ausgew\u00e4hlt. Die K\u00f6che bieten<i>\u00a0<\/i>einfache rustikale Buffets oder gastronomische Speisen an, seien sie klassisch, traditionell, modern oder exotisch. Die professionelle Infrastruktur die zur Verf\u00fcgung steht, erlaubt es den Caterern, unter den besten Konditionen und vor Ort zu kochen.<\/p>\n<p>Zu Ihren Speisen servieren Sie doch einfach <a href=\"https:\/\/portesdesiris.ch\/de\/das-anwesen\/\" target=\"_blank\" rel=\"noopener noreferrer\">die Weine der Domaine<\/a>, einige haben sogar Preise gewonnen und wir bieten sie Ihnen zur Verkostung w\u00e4hrend der Vorbereitungen an.[\/vc_column_text][\/vc_column][\/vc_row][vc_row][vc_column width=&#8220;1\/2&#8243;][vc_row_inner][vc_column_inner width=&#8220;1\/2&#8243;][vc_single_image image=&#8220;1656&#8243; img_size=&#8220;medium&#8220;][\/vc_column_inner][vc_column_inner width=&#8220;1\/2&#8243;][vc_column_text]<\/p>\n<div id=\"TextElement9853166254a6bda4e6323f90624191b6\" class=\"ng-element el-text-2 empty-line-hack line-height-hack wysiwyg-font-type-arial\" data-id=\"4017195\">\n<h2 class=\"wysiwyg-font-type-MavenPro uxp-align-left\">Cinq Sens<\/h2>\n<\/div>\n<div id=\"TextElement3edb59315c91473c8c4bf02809228ded\" class=\"ng-element el-text-2 empty-line-hack line-height-hack wysiwyg-font-type-arial\" data-id=\"2905266\">\n<p class=\"wysiwyg-font-type-MavenPro\">Rue de l&#8217;industrie 6<br \/>\nCH-2046 Fontaines<br \/>\n<a href=\"tel:+41 32 854 21 00\">T\u00e9l. +41 32 854 21 00<\/a><br \/>\n<a href=\"http:\/\/www.cinq-sens.ch\" target=\"_blank\" rel=\"noopener noreferrer\">cinq-sens.ch<\/a><\/p>\n<\/div>\n<p>[\/vc_column_text][\/vc_column_inner][\/vc_row_inner][\/vc_column][\/vc_row][vc_row][vc_column width=&#8220;1\/2&#8243;][vc_row_inner][vc_column_inner width=&#8220;1\/2&#8243;][vc_single_image image=&#8220;12852&#8243; img_size=&#8220;medium&#8220;][\/vc_column_inner][vc_column_inner width=&#8220;1\/2&#8243;][vc_column_text]<\/p>\n<div id=\"TextElement8c1fa0f20c82f833dadb5e42d03fafab\" class=\"ng-element el-text-2 empty-line-hack line-height-hack wysiwyg-font-type-arial\" data-id=\"4686250\">\n<div id=\"TextElement8c1fa0f20c82f833dadb5e42d03fafab\" class=\"ng-element el-text-2 empty-line-hack line-height-hack wysiwyg-font-type-arial\" data-id=\"4686250\">\n<h2 class=\"wysiwyg-font-type-MavenPro uxp-align-left\">Genecand Traiteur<\/h2>\n<\/div>\n<div id=\"TextElementde053a9b229fdb40bcacdb566a03e964\" class=\"ng-element el-text-2 empty-line-hack line-height-hack wysiwyg-font-type-arial\" data-id=\"5106361\">\n<p class=\"wysiwyg-font-type-MavenPro\">Avenue de la Praille 55<br \/>\n1227 Carouge<br \/>\n<a href=\"tel:+41 22 329 31 96\">T\u00e9l. +41 22 329 31 96<\/a><\/p>\n<p><a href=\"https:\/\/www.genecand.ch\/\">genecand.ch<\/a><\/p>\n<\/div>\n<\/div>\n<div id=\"TextElementde053a9b229fdb40bcacdb566a03e964\" class=\"ng-element el-text-2 empty-line-hack line-height-hack wysiwyg-font-type-arial\" data-id=\"5106361\"><\/div>\n<p>[\/vc_column_text][\/vc_column_inner][\/vc_row_inner][vc_row_inner][vc_column_inner width=&#8220;1\/2&#8243;][vc_single_image image=&#8220;6470&#8243; img_size=&#8220;medium&#8220;][\/vc_column_inner][vc_column_inner width=&#8220;1\/2&#8243;][vc_column_text]<\/p>\n<div id=\"TextElementc7bb6f950077921db8ce5c2ddaddf52d\" class=\"ng-element el-text-2 empty-line-hack line-height-hack wysiwyg-font-type-arial\" data-id=\"1633382\">\n<h2 class=\"wysiwyg-font-type-MavenPro uxp-align-left\">Gourmet Brothers<\/h2>\n<\/div>\n<div id=\"TextElement134da628f18cc4b012d2fb7b066f92fd\" class=\"ng-element el-text-2 empty-line-hack line-height-hack wysiwyg-font-type-arial\" data-id=\"3306680\">\n<p class=\"wysiwyg-font-type-MavenPro\">Rte de Thonon 52<br \/>\nCH-1222 V\u00e9senaz<br \/>\n<a href=\"tel:+41 22 752 07 53\">T\u00e9l. +41 22 752 07 53<\/a><br \/>\n<a href=\"https:\/\/www.gourmetbrothers.ch\" target=\"_blank\" rel=\"noopener noreferrer\">gourmetbrothers.ch<\/a><\/p>\n<\/div>\n<p>[\/vc_column_text][\/vc_column_inner][\/vc_row_inner][\/vc_column][vc_column width=&#8220;1\/2&#8243;][vc_row_inner][vc_column_inner width=&#8220;1\/2&#8243;][vc_single_image image=&#8220;1667&#8243; img_size=&#8220;medium&#8220;][\/vc_column_inner][vc_column_inner width=&#8220;1\/2&#8243;][vc_column_text]<\/p>\n<div id=\"TextElement8c1fa0f20c82f833dadb5e42d03fafab\" class=\"ng-element el-text-2 empty-line-hack line-height-hack wysiwyg-font-type-arial\" data-id=\"4686250\">\n<h2 class=\"wysiwyg-font-type-MavenPro uxp-align-left\">RSH\u00a0Traiteur<\/h2>\n<\/div>\n<div id=\"TextElementde053a9b229fdb40bcacdb566a03e964\" class=\"ng-element el-text-2 empty-line-hack line-height-hack wysiwyg-font-type-arial\" data-id=\"5106361\">\n<p class=\"wysiwyg-font-type-MavenPro\">Chefs Rochat, Saguer, Hug<br \/>\nChemin de la Colice 3<br \/>\nCH-1023 Crissier\/VD<br \/>\n<a href=\"tel:+41 21 635 29 80\">T\u00e9l. +41 21 635 29 80<\/a><br \/>\n<a href=\"http:\/\/www.rsh-traiteur.ch\/\" target=\"_blank\" rel=\"noopener noreferrer\">rsh-traiteur.ch<\/a><\/p>\n<\/div>\n<p>[\/vc_column_text][\/vc_column_inner][\/vc_row_inner][\/vc_column][\/vc_row]<\/p>\n<\/div>","protected":false},"excerpt":{"rendered":"<p>[vc_row][vc_column][vc_column_text css=&#8220;&#8220;]F\u00fcr Ihre Cocktail- und Galaabende arbeitet Portes des Iris mit 4 sorgf\u00e4ltig auserw\u00e4hlten Caterern zusammen, die zu den besten der Westschweiz geh\u00f6ren. Diese Caterer wurden aufgrund ihres Rufs, der exzellenten Qualit\u00e4t und Pr\u00e4sentation der Gerichte, sowie ihrer genauen Kenntnisse unserer K\u00fcchen und Infrastruktur, ausgew\u00e4hlt. Die K\u00f6che bieten\u00a0einfache rustikale Buffets oder gastronomische Speisen an, seien [&hellip;]<\/p>\n","protected":false},"author":6,"featured_media":619,"parent":0,"menu_order":27,"comment_status":"closed","ping_status":"closed","template":"","meta":{"_acf_changed":false,"footnotes":""},"class_list":["post-2125","page","type-page","status-publish","has-post-thumbnail","hentry"],"acf":[],"yoast_head":"<!-- This site is optimized with the Yoast SEO plugin v26.7 - https:\/\/yoast.com\/wordpress\/plugins\/seo\/ -->\n<title>Catering - Portes des Iris<\/title>\n<meta name=\"description\" content=\"7 der besten Caterer der Westschweiz, die aufgrund ihres Rufs und exzellenten Qualit\u00e4t ausgesucht wurden.\" \/>\n<meta name=\"robots\" content=\"index, follow, max-snippet:-1, max-image-preview:large, max-video-preview:-1\" \/>\n<link rel=\"canonical\" href=\"https:\/\/portesdesiris.ch\/de\/catering\/\" \/>\n<meta property=\"og:locale\" content=\"de_DE\" \/>\n<meta property=\"og:type\" content=\"article\" \/>\n<meta property=\"og:title\" content=\"Catering - Portes des Iris\" \/>\n<meta property=\"og:description\" content=\"7 der besten Caterer der Westschweiz, die aufgrund ihres Rufs und exzellenten Qualit\u00e4t ausgesucht wurden.\" \/>\n<meta property=\"og:url\" content=\"https:\/\/portesdesiris.ch\/de\/catering\/\" \/>\n<meta property=\"og:site_name\" content=\"Portes des Iris\" \/>\n<meta property=\"article:publisher\" content=\"https:\/\/www.facebook.com\/portesdesiris\/\" \/>\n<meta property=\"article:modified_time\" content=\"2026-03-23T12:38:20+00:00\" \/>\n<meta property=\"og:image\" content=\"https:\/\/portesdesiris.ch\/wp-content\/uploads\/2016\/06\/portesdesiris_traiteurs_terrasse.jpg\" \/>\n\t<meta property=\"og:image:width\" content=\"1920\" \/>\n\t<meta property=\"og:image:height\" content=\"1280\" \/>\n\t<meta property=\"og:image:type\" content=\"image\/jpeg\" \/>\n<meta name=\"twitter:card\" content=\"summary_large_image\" \/>\n<meta name=\"twitter:label1\" content=\"Gesch\u00e4tzte Lesezeit\" \/>\n\t<meta name=\"twitter:data1\" content=\"3\u00a0Minuten\" \/>\n<script type=\"application\/ld+json\" class=\"yoast-schema-graph\">{\"@context\":\"https:\/\/schema.org\",\"@graph\":[{\"@type\":\"WebPage\",\"@id\":\"https:\/\/portesdesiris.ch\/de\/catering\/\",\"url\":\"https:\/\/portesdesiris.ch\/de\/catering\/\",\"name\":\"Catering - Portes des Iris\",\"isPartOf\":{\"@id\":\"https:\/\/portesdesiris.ch\/de\/#website\"},\"primaryImageOfPage\":{\"@id\":\"https:\/\/portesdesiris.ch\/de\/catering\/#primaryimage\"},\"image\":{\"@id\":\"https:\/\/portesdesiris.ch\/de\/catering\/#primaryimage\"},\"thumbnailUrl\":\"https:\/\/portesdesiris.ch\/wp-content\/uploads\/2016\/06\/portesdesiris_traiteurs_terrasse.jpg\",\"datePublished\":\"2016-06-03T10:21:58+00:00\",\"dateModified\":\"2026-03-23T12:38:20+00:00\",\"description\":\"7 der besten Caterer der Westschweiz, die aufgrund ihres Rufs und exzellenten Qualit\u00e4t ausgesucht wurden.\",\"breadcrumb\":{\"@id\":\"https:\/\/portesdesiris.ch\/de\/catering\/#breadcrumb\"},\"inLanguage\":\"de\",\"potentialAction\":[{\"@type\":\"ReadAction\",\"target\":[\"https:\/\/portesdesiris.ch\/de\/catering\/\"]}]},{\"@type\":\"ImageObject\",\"inLanguage\":\"de\",\"@id\":\"https:\/\/portesdesiris.ch\/de\/catering\/#primaryimage\",\"url\":\"https:\/\/portesdesiris.ch\/wp-content\/uploads\/2016\/06\/portesdesiris_traiteurs_terrasse.jpg\",\"contentUrl\":\"https:\/\/portesdesiris.ch\/wp-content\/uploads\/2016\/06\/portesdesiris_traiteurs_terrasse.jpg\",\"width\":1920,\"height\":1280,\"caption\":\"portesdesiris_traiteurs_terrasse\"},{\"@type\":\"BreadcrumbList\",\"@id\":\"https:\/\/portesdesiris.ch\/de\/catering\/#breadcrumb\",\"itemListElement\":[{\"@type\":\"ListItem\",\"position\":1,\"name\":\"Accueil\",\"item\":\"https:\/\/portesdesiris.ch\/de\/\"},{\"@type\":\"ListItem\",\"position\":2,\"name\":\"Catering\"}]},{\"@type\":\"WebSite\",\"@id\":\"https:\/\/portesdesiris.ch\/de\/#website\",\"url\":\"https:\/\/portesdesiris.ch\/de\/\",\"name\":\"Portes des Iris\",\"description\":\"\",\"potentialAction\":[{\"@type\":\"SearchAction\",\"target\":{\"@type\":\"EntryPoint\",\"urlTemplate\":\"https:\/\/portesdesiris.ch\/de\/?s={search_term_string}\"},\"query-input\":{\"@type\":\"PropertyValueSpecification\",\"valueRequired\":true,\"valueName\":\"search_term_string\"}}],\"inLanguage\":\"de\"}]}<\/script>\n<!-- \/ Yoast SEO plugin. -->","yoast_head_json":{"title":"Catering - Portes des Iris","description":"7 der besten Caterer der Westschweiz, die aufgrund ihres Rufs und exzellenten Qualit\u00e4t ausgesucht wurden.","robots":{"index":"index","follow":"follow","max-snippet":"max-snippet:-1","max-image-preview":"max-image-preview:large","max-video-preview":"max-video-preview:-1"},"canonical":"https:\/\/portesdesiris.ch\/de\/catering\/","og_locale":"de_DE","og_type":"article","og_title":"Catering - Portes des Iris","og_description":"7 der besten Caterer der Westschweiz, die aufgrund ihres Rufs und exzellenten Qualit\u00e4t ausgesucht wurden.","og_url":"https:\/\/portesdesiris.ch\/de\/catering\/","og_site_name":"Portes des Iris","article_publisher":"https:\/\/www.facebook.com\/portesdesiris\/","article_modified_time":"2026-03-23T12:38:20+00:00","og_image":[{"width":1920,"height":1280,"url":"https:\/\/portesdesiris.ch\/wp-content\/uploads\/2016\/06\/portesdesiris_traiteurs_terrasse.jpg","type":"image\/jpeg"}],"twitter_card":"summary_large_image","twitter_misc":{"Gesch\u00e4tzte Lesezeit":"3\u00a0Minuten"},"schema":{"@context":"https:\/\/schema.org","@graph":[{"@type":"WebPage","@id":"https:\/\/portesdesiris.ch\/de\/catering\/","url":"https:\/\/portesdesiris.ch\/de\/catering\/","name":"Catering - Portes des Iris","isPartOf":{"@id":"https:\/\/portesdesiris.ch\/de\/#website"},"primaryImageOfPage":{"@id":"https:\/\/portesdesiris.ch\/de\/catering\/#primaryimage"},"image":{"@id":"https:\/\/portesdesiris.ch\/de\/catering\/#primaryimage"},"thumbnailUrl":"https:\/\/portesdesiris.ch\/wp-content\/uploads\/2016\/06\/portesdesiris_traiteurs_terrasse.jpg","datePublished":"2016-06-03T10:21:58+00:00","dateModified":"2026-03-23T12:38:20+00:00","description":"7 der besten Caterer der Westschweiz, die aufgrund ihres Rufs und exzellenten Qualit\u00e4t ausgesucht wurden.","breadcrumb":{"@id":"https:\/\/portesdesiris.ch\/de\/catering\/#breadcrumb"},"inLanguage":"de","potentialAction":[{"@type":"ReadAction","target":["https:\/\/portesdesiris.ch\/de\/catering\/"]}]},{"@type":"ImageObject","inLanguage":"de","@id":"https:\/\/portesdesiris.ch\/de\/catering\/#primaryimage","url":"https:\/\/portesdesiris.ch\/wp-content\/uploads\/2016\/06\/portesdesiris_traiteurs_terrasse.jpg","contentUrl":"https:\/\/portesdesiris.ch\/wp-content\/uploads\/2016\/06\/portesdesiris_traiteurs_terrasse.jpg","width":1920,"height":1280,"caption":"portesdesiris_traiteurs_terrasse"},{"@type":"BreadcrumbList","@id":"https:\/\/portesdesiris.ch\/de\/catering\/#breadcrumb","itemListElement":[{"@type":"ListItem","position":1,"name":"Accueil","item":"https:\/\/portesdesiris.ch\/de\/"},{"@type":"ListItem","position":2,"name":"Catering"}]},{"@type":"WebSite","@id":"https:\/\/portesdesiris.ch\/de\/#website","url":"https:\/\/portesdesiris.ch\/de\/","name":"Portes des Iris","description":"","potentialAction":[{"@type":"SearchAction","target":{"@type":"EntryPoint","urlTemplate":"https:\/\/portesdesiris.ch\/de\/?s={search_term_string}"},"query-input":{"@type":"PropertyValueSpecification","valueRequired":true,"valueName":"search_term_string"}}],"inLanguage":"de"}]}},"_links":{"self":[{"href":"https:\/\/portesdesiris.ch\/de\/wp-json\/wp\/v2\/pages\/2125","targetHints":{"allow":["GET"]}}],"collection":[{"href":"https:\/\/portesdesiris.ch\/de\/wp-json\/wp\/v2\/pages"}],"about":[{"href":"https:\/\/portesdesiris.ch\/de\/wp-json\/wp\/v2\/types\/page"}],"author":[{"embeddable":true,"href":"https:\/\/portesdesiris.ch\/de\/wp-json\/wp\/v2\/users\/6"}],"replies":[{"embeddable":true,"href":"https:\/\/portesdesiris.ch\/de\/wp-json\/wp\/v2\/comments?post=2125"}],"version-history":[{"count":5,"href":"https:\/\/portesdesiris.ch\/de\/wp-json\/wp\/v2\/pages\/2125\/revisions"}],"predecessor-version":[{"id":19978,"href":"https:\/\/portesdesiris.ch\/de\/wp-json\/wp\/v2\/pages\/2125\/revisions\/19978"}],"wp:featuredmedia":[{"embeddable":true,"href":"https:\/\/portesdesiris.ch\/de\/wp-json\/wp\/v2\/media\/619"}],"wp:attachment":[{"href":"https:\/\/portesdesiris.ch\/de\/wp-json\/wp\/v2\/media?parent=2125"}],"curies":[{"name":"wp","href":"https:\/\/api.w.org\/{rel}","templated":true}]}}